{"id":21,"date":"2024-01-08T16:54:04","date_gmt":"2024-01-08T19:54:04","guid":{"rendered":"https:\/\/mambiente.cambe.pr.gov.br\/?page_id=21"},"modified":"2026-04-06T10:58:16","modified_gmt":"2026-04-06T13:58:16","slug":"residuo-domiciliar-comum","status":"publish","type":"page","link":"https:\/\/mambiente.cambe.pr.gov.br\/index.php\/residuos-solidos-urbanos\/residuo-domiciliar-comum\/","title":{"rendered":"Res\u00edduo Domiciliar\/Comum"},"content":{"rendered":"<p><img loading=\"lazy\" decoding=\"async\" class=\"alignright wp-image-22\" style=\"font-size: 16px; text-align: justify;\" src=\"https:\/\/mambiente.cambe.pr.gov.br\/wp-content\/uploads\/2024\/01\/residuo_domiciliar_comum-300x169.jpg\" alt=\"\" width=\"500\" height=\"281\" srcset=\"https:\/\/mambiente.cambe.pr.gov.br\/wp-content\/uploads\/2024\/01\/residuo_domiciliar_comum-300x169.jpg 300w, https:\/\/mambiente.cambe.pr.gov.br\/wp-content\/uploads\/2024\/01\/residuo_domiciliar_comum-1024x576.jpg 1024w, https:\/\/mambiente.cambe.pr.gov.br\/wp-content\/uploads\/2024\/01\/residuo_domiciliar_comum-768x432.jpg 768w, https:\/\/mambiente.cambe.pr.gov.br\/wp-content\/uploads\/2024\/01\/residuo_domiciliar_comum.jpg 1058w\" sizes=\"auto, (max-width: 500px) 100vw, 500px\" \/><\/p>\n<p style=\"text-align: justify;\">S\u00e3o os res\u00edduos gerados a partir das atividades di\u00e1rias nas nossas casas, em estabelecimentos comerciais e de presta\u00e7\u00e3o de servi\u00e7os, cujos volumes e caracter\u00edsticas s\u00e3o compat\u00edveis com a legisla\u00e7\u00e3o municipal vigente. S\u00e3o res\u00edduos ainda sem possibilidade de reaproveitar ou de reciclar. Nesse caso, a destina\u00e7\u00e3o desses materiais, em Camb\u00e9, \u00e9 o aterro.<\/p>\n<p style=\"text-align: justify;\">Os res\u00edduos que comp\u00f5em esta categoria s\u00e3o: Papel higi\u00eanico, absorventes femininos, fraldas descart\u00e1veis, guardanapos de papel, toalhas de papel, bituca de cigarro, entre outros. Ainda, nesta categoria, atualmente, est\u00e3o enquadrados os res\u00edduos org\u00e2nicos, como alimentos n\u00e3o consumidos, cascas e outras partes de frutas e legumes, por exemplo.<\/p>\n<p style=\"text-align: justify;\">A coleta dos res\u00edduos s\u00f3lidos domiciliares \u00e9 feita em todo o munic\u00edpio e de responsabilidade da SAMA. O servi\u00e7o \u00e9 dividido por setores e a frequ\u00eancia de coleta \u00e9 realizada conforme mostra o mapa a seguir.<\/p>\n<p align=\"center\"><img loading=\"lazy\" decoding=\"async\" class=\"alignnone size-full wp-image-540\" src=\"https:\/\/mambiente.cambe.pr.gov.br\/wp-content\/uploads\/2025\/04\/MAPA-TRECHOS-COLETA-DE-LIXO.png\" alt=\"\" width=\"2000\" height=\"1200\" srcset=\"https:\/\/mambiente.cambe.pr.gov.br\/wp-content\/uploads\/2025\/04\/MAPA-TRECHOS-COLETA-DE-LIXO.png 2000w, https:\/\/mambiente.cambe.pr.gov.br\/wp-content\/uploads\/2025\/04\/MAPA-TRECHOS-COLETA-DE-LIXO-300x180.png 300w, https:\/\/mambiente.cambe.pr.gov.br\/wp-content\/uploads\/2025\/04\/MAPA-TRECHOS-COLETA-DE-LIXO-1024x614.png 1024w, https:\/\/mambiente.cambe.pr.gov.br\/wp-content\/uploads\/2025\/04\/MAPA-TRECHOS-COLETA-DE-LIXO-768x461.png 768w, https:\/\/mambiente.cambe.pr.gov.br\/wp-content\/uploads\/2025\/04\/MAPA-TRECHOS-COLETA-DE-LIXO-1536x922.png 1536w\" sizes=\"auto, (max-width: 2000px) 100vw, 2000px\" \/><\/p>\n<p style=\"text-align: justify;\">Para melhor visualiza\u00e7\u00e3o da rota, clique no link a seguir: <a href=\"https:\/\/www.google.com\/maps\/d\/edit?mid=1NUSGwU_nWRRhOqWHiJgZSy3WuKKQXZ4&amp;usp=sharing\">Mapa de coleta de res\u00edduos domiciliares<\/a>.<\/p>\n<p style=\"text-align: justify;\" align=\"center\">Os res\u00edduos org\u00e2nicos, por sua vez, podem ser reaproveitados atrav\u00e9s da pr\u00e1tica da Compostagem. A compostagem \u00e9 um processo biol\u00f3gico natural que converte res\u00edduos org\u00e2nicos, como restos de comida, aparas de gramas e folhas, em um material rico em nutrientes, chamado composto. Esse composto \u00e9 uma forma valiosa de fertilizante org\u00e2nico que pode ser usado para melhorar a fertilidade do solo, aumentar a reten\u00e7\u00e3o de \u00e1gua e reduzir a necessidade de fertilizantes qu\u00edmicos. A compostagem \u00e9 uma pr\u00e1tica ambientalmente amig\u00e1vel que ajuda a reduzir a quantidade de res\u00edduos org\u00e2nicos enviados para aterros sanit\u00e1rios e incineradores. Na internet h\u00e1 v\u00e1rias t\u00e9cnicas de compostagem, pesquise e escolha a que mais se adapta ao contexto da sua resid\u00eancia\/empresa e ajude a preservar o meio ambiente.<\/p>\n<p align=\"center\"><img loading=\"lazy\" decoding=\"async\" class=\"aligncenter wp-image-28 size-full\" src=\"https:\/\/mambiente.cambe.pr.gov.br\/wp-content\/uploads\/2024\/01\/residuo_foto1.png\" alt=\"\" width=\"1000\" height=\"450\" srcset=\"https:\/\/mambiente.cambe.pr.gov.br\/wp-content\/uploads\/2024\/01\/residuo_foto1.png 1000w, https:\/\/mambiente.cambe.pr.gov.br\/wp-content\/uploads\/2024\/01\/residuo_foto1-300x135.png 300w, https:\/\/mambiente.cambe.pr.gov.br\/wp-content\/uploads\/2024\/01\/residuo_foto1-768x346.png 768w\" sizes=\"auto, (max-width: 1000px) 100vw, 1000px\" \/><\/p>\n<p align=\"center\">\n","protected":false},"excerpt":{"rendered":"<p>S\u00e3o os res\u00edduos gerados a partir das atividades di\u00e1rias nas nossas casas, em estabelecimentos comerciais e de presta\u00e7\u00e3o de servi\u00e7os, cujos volumes e caracter\u00edsticas s\u00e3o compat\u00edveis com a legisla\u00e7\u00e3o municipal vigente. S\u00e3o res\u00edduos ainda sem possibilidade de reaproveitar ou de reciclar. Nesse caso, a destina\u00e7\u00e3o desses materiais, em Camb\u00e9, \u00e9 o aterro. Os res\u00edduos que [&hellip;]<\/p>\n","protected":false},"author":1,"featured_media":0,"parent":16,"menu_order":0,"comment_status":"closed","ping_status":"closed","template":"","meta":{"ngg_post_thumbnail":0,"footnotes":""},"class_list":["post-21","page","type-page","status-publish","hentry"],"yoast_head":"<!-- This site is optimized with the Yoast SEO plugin v24.4 - https:\/\/yoast.com\/wordpress\/plugins\/seo\/ -->\n<title>Res\u00edduo Domiciliar\/Comum - Secretaria de Agricultura e Meio Ambiente<\/title>\n<meta name=\"robots\" content=\"index, follow, max-snippet:-1, max-image-preview:large, max-video-preview:-1\" \/>\n<link rel=\"canonical\" href=\"https:\/\/mambiente.cambe.pr.gov.br\/index.php\/residuos-solidos-urbanos\/residuo-domiciliar-comum\/\" \/>\n<meta property=\"og:locale\" content=\"pt_BR\" \/>\n<meta property=\"og:type\" content=\"article\" \/>\n<meta property=\"og:title\" content=\"Res\u00edduo Domiciliar\/Comum - Secretaria de Agricultura e Meio Ambiente\" \/>\n<meta property=\"og:description\" content=\"S\u00e3o os res\u00edduos gerados a partir das atividades di\u00e1rias nas nossas casas, em estabelecimentos comerciais e de presta\u00e7\u00e3o de servi\u00e7os, cujos volumes e caracter\u00edsticas s\u00e3o compat\u00edveis com a legisla\u00e7\u00e3o municipal vigente. S\u00e3o res\u00edduos ainda sem possibilidade de reaproveitar ou de reciclar. Nesse caso, a destina\u00e7\u00e3o desses materiais, em Camb\u00e9, \u00e9 o aterro. Os res\u00edduos que [&hellip;]\" \/>\n<meta property=\"og:url\" content=\"https:\/\/mambiente.cambe.pr.gov.br\/index.php\/residuos-solidos-urbanos\/residuo-domiciliar-comum\/\" \/>\n<meta property=\"og:site_name\" content=\"Secretaria de Agricultura e Meio Ambiente\" \/>\n<meta property=\"article:modified_time\" content=\"2026-04-06T13:58:16+00:00\" \/>\n<meta property=\"og:image\" content=\"https:\/\/mambiente.cambe.pr.gov.br\/wp-content\/uploads\/2024\/01\/residuo_domiciliar_comum.jpg\" \/>\n\t<meta property=\"og:image:width\" content=\"1058\" \/>\n\t<meta property=\"og:image:height\" content=\"595\" \/>\n\t<meta property=\"og:image:type\" content=\"image\/jpeg\" \/>\n<meta name=\"twitter:card\" content=\"summary_large_image\" \/>\n<meta name=\"twitter:label1\" content=\"Est. tempo de leitura\" \/>\n\t<meta name=\"twitter:data1\" content=\"3 minutos\" \/>\n<script type=\"application\/ld+json\" class=\"yoast-schema-graph\">{\"@context\":\"https:\/\/schema.org\",\"@graph\":[{\"@type\":\"WebPage\",\"@id\":\"https:\/\/mambiente.cambe.pr.gov.br\/index.php\/residuos-solidos-urbanos\/residuo-domiciliar-comum\/\",\"url\":\"https:\/\/mambiente.cambe.pr.gov.br\/index.php\/residuos-solidos-urbanos\/residuo-domiciliar-comum\/\",\"name\":\"Res\u00edduo Domiciliar\/Comum - Secretaria de Agricultura e Meio Ambiente\",\"isPartOf\":{\"@id\":\"https:\/\/mambiente.cambe.pr.gov.br\/#website\"},\"primaryImageOfPage\":{\"@id\":\"https:\/\/mambiente.cambe.pr.gov.br\/index.php\/residuos-solidos-urbanos\/residuo-domiciliar-comum\/#primaryimage\"},\"image\":{\"@id\":\"https:\/\/mambiente.cambe.pr.gov.br\/index.php\/residuos-solidos-urbanos\/residuo-domiciliar-comum\/#primaryimage\"},\"thumbnailUrl\":\"https:\/\/mambiente.cambe.pr.gov.br\/wp-content\/uploads\/2024\/01\/residuo_domiciliar_comum-300x169.jpg\",\"datePublished\":\"2024-01-08T19:54:04+00:00\",\"dateModified\":\"2026-04-06T13:58:16+00:00\",\"breadcrumb\":{\"@id\":\"https:\/\/mambiente.cambe.pr.gov.br\/index.php\/residuos-solidos-urbanos\/residuo-domiciliar-comum\/#breadcrumb\"},\"inLanguage\":\"pt-BR\",\"potentialAction\":[{\"@type\":\"ReadAction\",\"target\":[\"https:\/\/mambiente.cambe.pr.gov.br\/index.php\/residuos-solidos-urbanos\/residuo-domiciliar-comum\/\"]}]},{\"@type\":\"ImageObject\",\"inLanguage\":\"pt-BR\",\"@id\":\"https:\/\/mambiente.cambe.pr.gov.br\/index.php\/residuos-solidos-urbanos\/residuo-domiciliar-comum\/#primaryimage\",\"url\":\"https:\/\/mambiente.cambe.pr.gov.br\/wp-content\/uploads\/2024\/01\/residuo_domiciliar_comum.jpg\",\"contentUrl\":\"https:\/\/mambiente.cambe.pr.gov.br\/wp-content\/uploads\/2024\/01\/residuo_domiciliar_comum.jpg\",\"width\":1058,\"height\":595},{\"@type\":\"BreadcrumbList\",\"@id\":\"https:\/\/mambiente.cambe.pr.gov.br\/index.php\/residuos-solidos-urbanos\/residuo-domiciliar-comum\/#breadcrumb\",\"itemListElement\":[{\"@type\":\"ListItem\",\"position\":1,\"name\":\"In\u00edcio\",\"item\":\"https:\/\/mambiente.cambe.pr.gov.br\/\"},{\"@type\":\"ListItem\",\"position\":2,\"name\":\"Res\u00edduos s\u00f3lidos urbanos\",\"item\":\"https:\/\/mambiente.cambe.pr.gov.br\/index.php\/residuos-solidos-urbanos\/\"},{\"@type\":\"ListItem\",\"position\":3,\"name\":\"Res\u00edduo Domiciliar\/Comum\"}]},{\"@type\":\"WebSite\",\"@id\":\"https:\/\/mambiente.cambe.pr.gov.br\/#website\",\"url\":\"https:\/\/mambiente.cambe.pr.gov.br\/\",\"name\":\"Secretaria de Agricultura e Meio Ambiente\",\"description\":\"\",\"publisher\":{\"@id\":\"https:\/\/mambiente.cambe.pr.gov.br\/#organization\"},\"potentialAction\":[{\"@type\":\"SearchAction\",\"target\":{\"@type\":\"EntryPoint\",\"urlTemplate\":\"https:\/\/mambiente.cambe.pr.gov.br\/?s={search_term_string}\"},\"query-input\":{\"@type\":\"PropertyValueSpecification\",\"valueRequired\":true,\"valueName\":\"search_term_string\"}}],\"inLanguage\":\"pt-BR\"},{\"@type\":\"Organization\",\"@id\":\"https:\/\/mambiente.cambe.pr.gov.br\/#organization\",\"name\":\"Secretaria de Agricultura e Meio Ambiente\",\"url\":\"https:\/\/mambiente.cambe.pr.gov.br\/\",\"logo\":{\"@type\":\"ImageObject\",\"inLanguage\":\"pt-BR\",\"@id\":\"https:\/\/mambiente.cambe.pr.gov.br\/#\/schema\/logo\/image\/\",\"url\":\"https:\/\/mambiente.cambe.pr.gov.br\/wp-content\/uploads\/2024\/01\/brasao_cambe.png\",\"contentUrl\":\"https:\/\/mambiente.cambe.pr.gov.br\/wp-content\/uploads\/2024\/01\/brasao_cambe.png\",\"width\":600,\"height\":600,\"caption\":\"Secretaria de Agricultura e Meio Ambiente\"},\"image\":{\"@id\":\"https:\/\/mambiente.cambe.pr.gov.br\/#\/schema\/logo\/image\/\"}}]}<\/script>\n<!-- \/ Yoast SEO plugin. -->","yoast_head_json":{"title":"Res\u00edduo Domiciliar\/Comum - Secretaria de Agricultura e Meio Ambiente","robots":{"index":"index","follow":"follow","max-snippet":"max-snippet:-1","max-image-preview":"max-image-preview:large","max-video-preview":"max-video-preview:-1"},"canonical":"https:\/\/mambiente.cambe.pr.gov.br\/index.php\/residuos-solidos-urbanos\/residuo-domiciliar-comum\/","og_locale":"pt_BR","og_type":"article","og_title":"Res\u00edduo Domiciliar\/Comum - Secretaria de Agricultura e Meio Ambiente","og_description":"S\u00e3o os res\u00edduos gerados a partir das atividades di\u00e1rias nas nossas casas, em estabelecimentos comerciais e de presta\u00e7\u00e3o de servi\u00e7os, cujos volumes e caracter\u00edsticas s\u00e3o compat\u00edveis com a legisla\u00e7\u00e3o municipal vigente. S\u00e3o res\u00edduos ainda sem possibilidade de reaproveitar ou de reciclar. Nesse caso, a destina\u00e7\u00e3o desses materiais, em Camb\u00e9, \u00e9 o aterro. Os res\u00edduos que [&hellip;]","og_url":"https:\/\/mambiente.cambe.pr.gov.br\/index.php\/residuos-solidos-urbanos\/residuo-domiciliar-comum\/","og_site_name":"Secretaria de Agricultura e Meio Ambiente","article_modified_time":"2026-04-06T13:58:16+00:00","og_image":[{"width":1058,"height":595,"url":"https:\/\/mambiente.cambe.pr.gov.br\/wp-content\/uploads\/2024\/01\/residuo_domiciliar_comum.jpg","type":"image\/jpeg"}],"twitter_card":"summary_large_image","twitter_misc":{"Est. tempo de leitura":"3 minutos"},"schema":{"@context":"https:\/\/schema.org","@graph":[{"@type":"WebPage","@id":"https:\/\/mambiente.cambe.pr.gov.br\/index.php\/residuos-solidos-urbanos\/residuo-domiciliar-comum\/","url":"https:\/\/mambiente.cambe.pr.gov.br\/index.php\/residuos-solidos-urbanos\/residuo-domiciliar-comum\/","name":"Res\u00edduo Domiciliar\/Comum - Secretaria de Agricultura e Meio Ambiente","isPartOf":{"@id":"https:\/\/mambiente.cambe.pr.gov.br\/#website"},"primaryImageOfPage":{"@id":"https:\/\/mambiente.cambe.pr.gov.br\/index.php\/residuos-solidos-urbanos\/residuo-domiciliar-comum\/#primaryimage"},"image":{"@id":"https:\/\/mambiente.cambe.pr.gov.br\/index.php\/residuos-solidos-urbanos\/residuo-domiciliar-comum\/#primaryimage"},"thumbnailUrl":"https:\/\/mambiente.cambe.pr.gov.br\/wp-content\/uploads\/2024\/01\/residuo_domiciliar_comum-300x169.jpg","datePublished":"2024-01-08T19:54:04+00:00","dateModified":"2026-04-06T13:58:16+00:00","breadcrumb":{"@id":"https:\/\/mambiente.cambe.pr.gov.br\/index.php\/residuos-solidos-urbanos\/residuo-domiciliar-comum\/#breadcrumb"},"inLanguage":"pt-BR","potentialAction":[{"@type":"ReadAction","target":["https:\/\/mambiente.cambe.pr.gov.br\/index.php\/residuos-solidos-urbanos\/residuo-domiciliar-comum\/"]}]},{"@type":"ImageObject","inLanguage":"pt-BR","@id":"https:\/\/mambiente.cambe.pr.gov.br\/index.php\/residuos-solidos-urbanos\/residuo-domiciliar-comum\/#primaryimage","url":"https:\/\/mambiente.cambe.pr.gov.br\/wp-content\/uploads\/2024\/01\/residuo_domiciliar_comum.jpg","contentUrl":"https:\/\/mambiente.cambe.pr.gov.br\/wp-content\/uploads\/2024\/01\/residuo_domiciliar_comum.jpg","width":1058,"height":595},{"@type":"BreadcrumbList","@id":"https:\/\/mambiente.cambe.pr.gov.br\/index.php\/residuos-solidos-urbanos\/residuo-domiciliar-comum\/#breadcrumb","itemListElement":[{"@type":"ListItem","position":1,"name":"In\u00edcio","item":"https:\/\/mambiente.cambe.pr.gov.br\/"},{"@type":"ListItem","position":2,"name":"Res\u00edduos s\u00f3lidos urbanos","item":"https:\/\/mambiente.cambe.pr.gov.br\/index.php\/residuos-solidos-urbanos\/"},{"@type":"ListItem","position":3,"name":"Res\u00edduo Domiciliar\/Comum"}]},{"@type":"WebSite","@id":"https:\/\/mambiente.cambe.pr.gov.br\/#website","url":"https:\/\/mambiente.cambe.pr.gov.br\/","name":"Secretaria de Agricultura e Meio Ambiente","description":"","publisher":{"@id":"https:\/\/mambiente.cambe.pr.gov.br\/#organization"},"potentialAction":[{"@type":"SearchAction","target":{"@type":"EntryPoint","urlTemplate":"https:\/\/mambiente.cambe.pr.gov.br\/?s={search_term_string}"},"query-input":{"@type":"PropertyValueSpecification","valueRequired":true,"valueName":"search_term_string"}}],"inLanguage":"pt-BR"},{"@type":"Organization","@id":"https:\/\/mambiente.cambe.pr.gov.br\/#organization","name":"Secretaria de Agricultura e Meio Ambiente","url":"https:\/\/mambiente.cambe.pr.gov.br\/","logo":{"@type":"ImageObject","inLanguage":"pt-BR","@id":"https:\/\/mambiente.cambe.pr.gov.br\/#\/schema\/logo\/image\/","url":"https:\/\/mambiente.cambe.pr.gov.br\/wp-content\/uploads\/2024\/01\/brasao_cambe.png","contentUrl":"https:\/\/mambiente.cambe.pr.gov.br\/wp-content\/uploads\/2024\/01\/brasao_cambe.png","width":600,"height":600,"caption":"Secretaria de Agricultura e Meio Ambiente"},"image":{"@id":"https:\/\/mambiente.cambe.pr.gov.br\/#\/schema\/logo\/image\/"}}]}},"_links":{"self":[{"href":"https:\/\/mambiente.cambe.pr.gov.br\/index.php\/wp-json\/wp\/v2\/pages\/21","targetHints":{"allow":["GET"]}}],"collection":[{"href":"https:\/\/mambiente.cambe.pr.gov.br\/index.php\/wp-json\/wp\/v2\/pages"}],"about":[{"href":"https:\/\/mambiente.cambe.pr.gov.br\/index.php\/wp-json\/wp\/v2\/types\/page"}],"author":[{"embeddable":true,"href":"https:\/\/mambiente.cambe.pr.gov.br\/index.php\/wp-json\/wp\/v2\/users\/1"}],"replies":[{"embeddable":true,"href":"https:\/\/mambiente.cambe.pr.gov.br\/index.php\/wp-json\/wp\/v2\/comments?post=21"}],"version-history":[{"count":16,"href":"https:\/\/mambiente.cambe.pr.gov.br\/index.php\/wp-json\/wp\/v2\/pages\/21\/revisions"}],"predecessor-version":[{"id":649,"href":"https:\/\/mambiente.cambe.pr.gov.br\/index.php\/wp-json\/wp\/v2\/pages\/21\/revisions\/649"}],"up":[{"embeddable":true,"href":"https:\/\/mambiente.cambe.pr.gov.br\/index.php\/wp-json\/wp\/v2\/pages\/16"}],"wp:attachment":[{"href":"https:\/\/mambiente.cambe.pr.gov.br\/index.php\/wp-json\/wp\/v2\/media?parent=21"}],"curies":[{"name":"wp","href":"https:\/\/api.w.org\/{rel}","templated":true}]}}