{"id":307,"date":"2024-03-14T13:36:13","date_gmt":"2024-03-14T16:36:13","guid":{"rendered":"https:\/\/mambiente.cambe.pr.gov.br\/?page_id=307"},"modified":"2026-04-06T10:58:16","modified_gmt":"2026-04-06T13:58:16","slug":"castracao","status":"publish","type":"page","link":"https:\/\/mambiente.cambe.pr.gov.br\/index.php\/setor-animal\/castracao\/","title":{"rendered":"Castra\u00e7\u00e3o"},"content":{"rendered":"<p style=\"text-align: justify;\"><strong>O que \u00e9 a castra\u00e7\u00e3o?<\/strong><\/p>\n<p style=\"text-align: justify;\"><img loading=\"lazy\" decoding=\"async\" class=\"size-medium wp-image-315 alignright\" src=\"https:\/\/mambiente.cambe.pr.gov.br\/wp-content\/uploads\/2024\/03\/Castracao-300x300.jpg\" alt=\"\" width=\"300\" height=\"300\" srcset=\"https:\/\/mambiente.cambe.pr.gov.br\/wp-content\/uploads\/2024\/03\/Castracao-300x300.jpg 300w, https:\/\/mambiente.cambe.pr.gov.br\/wp-content\/uploads\/2024\/03\/Castracao-1024x1024.jpg 1024w, https:\/\/mambiente.cambe.pr.gov.br\/wp-content\/uploads\/2024\/03\/Castracao-150x150.jpg 150w, https:\/\/mambiente.cambe.pr.gov.br\/wp-content\/uploads\/2024\/03\/Castracao-768x768.jpg 768w, https:\/\/mambiente.cambe.pr.gov.br\/wp-content\/uploads\/2024\/03\/Castracao-50x50.jpg 50w, https:\/\/mambiente.cambe.pr.gov.br\/wp-content\/uploads\/2024\/03\/Castracao-80x80.jpg 80w, https:\/\/mambiente.cambe.pr.gov.br\/wp-content\/uploads\/2024\/03\/Castracao.jpg 1259w\" sizes=\"auto, (max-width: 300px) 100vw, 300px\" \/>A\u00a0castra\u00e7\u00e3o\u00a0de cachorros e de gatos \u00e9 um procedimento cir\u00fargico bastante simples e realizado somente por veterin\u00e1rios. Os m\u00e9todos cir\u00fargicos utilizados para este procedimento s\u00e3o a ovariosalpingohisterectomia\u00a0(OSH) &#8211; onde ocorre a remo\u00e7\u00e3o do \u00fatero e ov\u00e1rios das f\u00eameas e orquiectomia\u00a0&#8211; atrav\u00e9s da extra\u00e7\u00e3o de ambos os test\u00edculos dos machos.<\/p>\n<p style=\"text-align: justify;\"><strong>Quais os benef\u00edcios?<\/strong><\/p>\n<ul style=\"list-style-type: disc;\">\n<li style=\"text-align: justify;\">Evitar a procria\u00e7\u00e3o e crias indesejadas;<\/li>\n<li style=\"text-align: justify;\">Diminui\u00e7\u00e3o do n\u00famero de animais abandonados nas ruas;<\/li>\n<li style=\"text-align: justify;\">Preven\u00e7\u00e3o de doen\u00e7as;<\/li>\n<li style=\"text-align: justify;\">Diminui\u00e7\u00e3o do risco de fugas; e<\/li>\n<li style=\"text-align: justify;\">Redu\u00e7\u00e3o de comportamentos indesejados como territorialismo, agressividade e marca\u00e7\u00e3o de territ\u00f3rio.<\/li>\n<\/ul>\n<p style=\"text-align: justify;\"><strong>Como participar?<\/strong><\/p>\n<ul style=\"list-style-type: disc;\">\n<li>Para participar do programa de castra\u00e7\u00e3o de c\u00e3es e gatos \u00e9 necess\u00e1rio levar\u00a0 o formul\u00e1rio (abaixo) preenchido at\u00e9 a SAMA (Localizada na Rua Francisco Delgado Sanches, 189 \u2013 Jardim Vit\u00f3ria). Atendimento de segunda a sexta-feira, das 8:30 \u00e0s 11:30 h e das 13 \u00e0s 17 h.<\/li>\n<\/ul>\n<div class='w3eden'><!-- WPDM Link Template: Button Template -->\n\n<a class='wpdm-download-link download-on-click btn btn-primary ' rel='nofollow' href='#' data-downloadurl=\"https:\/\/mambiente.cambe.pr.gov.br\/index.php\/download\/solicitacao-de-castracao\/?wpdmdl=349&refresh=69f436555d9321777612373\">Download do formul\u00e1rio<\/a><\/div>\n<p>&nbsp;<\/p>\n<ul style=\"list-style-type: disc;\">\n<li>O servi\u00e7o de castra\u00e7\u00e3o \u00e9 inteiramente GRATUITO.<\/li>\n<li>O cadastro passar\u00e1 por an\u00e1lise e o agendamento ser\u00e1 realizado atrav\u00e9s do telefone cadastrado conforme a disponibilidade das vagas.<\/li>\n<\/ul>\n<p style=\"text-align: justify;\"><strong>Condi\u00e7\u00f5es para que o animal seja castrado:<\/strong><\/p>\n<ul style=\"list-style-type: disc;\">\n<li style=\"text-align: justify;\">N\u00e3o tenha tido hemoparasitose (doen\u00e7a do carrapato) h\u00e1 pelo menos 90 dias;<\/li>\n<li style=\"text-align: justify;\">Ter idade entre 6 meses e 6 anos, para ambas esp\u00e9cies;<\/li>\n<li style=\"text-align: justify;\">Estar com escore corporal (peso) dentro do ideal \u2013 n\u00e3o ser\u00e1 castrado animal obeso;<\/li>\n<li style=\"text-align: justify;\">N\u00e3o esteja no cio;<\/li>\n<li style=\"text-align: justify;\">N\u00e3o esteja gestante, com suspeita de gesta\u00e7\u00e3o ou amamentando;<\/li>\n<li style=\"text-align: justify;\">Ter parido h\u00e1 mais de 60 dias;<\/li>\n<li style=\"text-align: justify;\">N\u00e3o estar doente, sob tratamento ou que tenha sofrido algum tipo de trauma nos \u00faltimos 30 dias;<\/li>\n<\/ul>\n<p style=\"text-align: justify;\"><strong>Importante:<\/strong><\/p>\n<ul style=\"list-style-type: disc;\">\n<li style=\"text-align: justify;\">O programa de castra\u00e7\u00e3o da SAMA n\u00e3o oferece anestesia inalat\u00f3ria, logo animais braquicef\u00e1licos (focinho achatado) ou mesti\u00e7os n\u00e3o ser\u00e3o contemplados.<\/li>\n<li style=\"text-align: justify;\">Todos os animais passar\u00e3o por triagem realizada pelo profissional competente antes de serem liberados para realiza\u00e7\u00e3o da cirurgia.<\/li>\n<\/ul>\n<p style=\"text-align: justify;\"><img loading=\"lazy\" decoding=\"async\" class=\"alignnone size-medium wp-image-317\" src=\"https:\/\/mambiente.cambe.pr.gov.br\/wp-content\/uploads\/2024\/03\/Castracao2-300x200.jpg\" alt=\"\" width=\"300\" height=\"200\" srcset=\"https:\/\/mambiente.cambe.pr.gov.br\/wp-content\/uploads\/2024\/03\/Castracao2-300x200.jpg 300w, https:\/\/mambiente.cambe.pr.gov.br\/wp-content\/uploads\/2024\/03\/Castracao2-1024x682.jpg 1024w, https:\/\/mambiente.cambe.pr.gov.br\/wp-content\/uploads\/2024\/03\/Castracao2-768x512.jpg 768w, https:\/\/mambiente.cambe.pr.gov.br\/wp-content\/uploads\/2024\/03\/Castracao2.jpg 1265w\" sizes=\"auto, (max-width: 300px) 100vw, 300px\" \/><\/p>\n","protected":false},"excerpt":{"rendered":"<p>O que \u00e9 a castra\u00e7\u00e3o? A\u00a0castra\u00e7\u00e3o\u00a0de cachorros e de gatos \u00e9 um procedimento cir\u00fargico bastante simples e realizado somente por veterin\u00e1rios. Os m\u00e9todos cir\u00fargicos utilizados para este procedimento s\u00e3o a ovariosalpingohisterectomia\u00a0(OSH) &#8211; onde ocorre a remo\u00e7\u00e3o do \u00fatero e ov\u00e1rios das f\u00eameas e orquiectomia\u00a0&#8211; atrav\u00e9s da extra\u00e7\u00e3o de ambos os test\u00edculos dos machos. Quais os [&hellip;]<\/p>\n","protected":false},"author":1,"featured_media":0,"parent":309,"menu_order":0,"comment_status":"closed","ping_status":"closed","template":"","meta":{"ngg_post_thumbnail":0,"footnotes":""},"class_list":["post-307","page","type-page","status-publish","hentry"],"yoast_head":"<!-- This site is optimized with the Yoast SEO plugin v24.4 - https:\/\/yoast.com\/wordpress\/plugins\/seo\/ -->\n<title>Castra\u00e7\u00e3o - Secretaria de Agricultura e Meio Ambiente<\/title>\n<meta name=\"robots\" content=\"index, follow, max-snippet:-1, max-image-preview:large, max-video-preview:-1\" \/>\n<link rel=\"canonical\" href=\"https:\/\/mambiente.cambe.pr.gov.br\/index.php\/setor-animal\/castracao\/\" \/>\n<meta property=\"og:locale\" content=\"pt_BR\" \/>\n<meta property=\"og:type\" content=\"article\" \/>\n<meta property=\"og:title\" content=\"Castra\u00e7\u00e3o - Secretaria de Agricultura e Meio Ambiente\" \/>\n<meta property=\"og:description\" content=\"O que \u00e9 a castra\u00e7\u00e3o? A\u00a0castra\u00e7\u00e3o\u00a0de cachorros e de gatos \u00e9 um procedimento cir\u00fargico bastante simples e realizado somente por veterin\u00e1rios. Os m\u00e9todos cir\u00fargicos utilizados para este procedimento s\u00e3o a ovariosalpingohisterectomia\u00a0(OSH) &#8211; onde ocorre a remo\u00e7\u00e3o do \u00fatero e ov\u00e1rios das f\u00eameas e orquiectomia\u00a0&#8211; atrav\u00e9s da extra\u00e7\u00e3o de ambos os test\u00edculos dos machos. Quais os [&hellip;]\" \/>\n<meta property=\"og:url\" content=\"https:\/\/mambiente.cambe.pr.gov.br\/index.php\/setor-animal\/castracao\/\" \/>\n<meta property=\"og:site_name\" content=\"Secretaria de Agricultura e Meio Ambiente\" \/>\n<meta property=\"article:modified_time\" content=\"2026-04-06T13:58:16+00:00\" \/>\n<meta property=\"og:image\" content=\"https:\/\/mambiente.cambe.pr.gov.br\/wp-content\/uploads\/2024\/03\/Castracao.jpg\" \/>\n\t<meta property=\"og:image:width\" content=\"1259\" \/>\n\t<meta property=\"og:image:height\" content=\"1259\" \/>\n\t<meta property=\"og:image:type\" content=\"image\/jpeg\" \/>\n<meta name=\"twitter:card\" content=\"summary_large_image\" \/>\n<meta name=\"twitter:label1\" content=\"Est. tempo de leitura\" \/>\n\t<meta name=\"twitter:data1\" content=\"2 minutos\" \/>\n<script type=\"application\/ld+json\" class=\"yoast-schema-graph\">{\"@context\":\"https:\/\/schema.org\",\"@graph\":[{\"@type\":\"WebPage\",\"@id\":\"https:\/\/mambiente.cambe.pr.gov.br\/index.php\/setor-animal\/castracao\/\",\"url\":\"https:\/\/mambiente.cambe.pr.gov.br\/index.php\/setor-animal\/castracao\/\",\"name\":\"Castra\u00e7\u00e3o - Secretaria de Agricultura e Meio Ambiente\",\"isPartOf\":{\"@id\":\"https:\/\/mambiente.cambe.pr.gov.br\/#website\"},\"primaryImageOfPage\":{\"@id\":\"https:\/\/mambiente.cambe.pr.gov.br\/index.php\/setor-animal\/castracao\/#primaryimage\"},\"image\":{\"@id\":\"https:\/\/mambiente.cambe.pr.gov.br\/index.php\/setor-animal\/castracao\/#primaryimage\"},\"thumbnailUrl\":\"https:\/\/mambiente.cambe.pr.gov.br\/wp-content\/uploads\/2024\/03\/Castracao-300x300.jpg\",\"datePublished\":\"2024-03-14T16:36:13+00:00\",\"dateModified\":\"2026-04-06T13:58:16+00:00\",\"breadcrumb\":{\"@id\":\"https:\/\/mambiente.cambe.pr.gov.br\/index.php\/setor-animal\/castracao\/#breadcrumb\"},\"inLanguage\":\"pt-BR\",\"potentialAction\":[{\"@type\":\"ReadAction\",\"target\":[\"https:\/\/mambiente.cambe.pr.gov.br\/index.php\/setor-animal\/castracao\/\"]}]},{\"@type\":\"ImageObject\",\"inLanguage\":\"pt-BR\",\"@id\":\"https:\/\/mambiente.cambe.pr.gov.br\/index.php\/setor-animal\/castracao\/#primaryimage\",\"url\":\"https:\/\/mambiente.cambe.pr.gov.br\/wp-content\/uploads\/2024\/03\/Castracao.jpg\",\"contentUrl\":\"https:\/\/mambiente.cambe.pr.gov.br\/wp-content\/uploads\/2024\/03\/Castracao.jpg\",\"width\":1259,\"height\":1259},{\"@type\":\"BreadcrumbList\",\"@id\":\"https:\/\/mambiente.cambe.pr.gov.br\/index.php\/setor-animal\/castracao\/#breadcrumb\",\"itemListElement\":[{\"@type\":\"ListItem\",\"position\":1,\"name\":\"In\u00edcio\",\"item\":\"https:\/\/mambiente.cambe.pr.gov.br\/\"},{\"@type\":\"ListItem\",\"position\":2,\"name\":\"Setor Animal\",\"item\":\"https:\/\/mambiente.cambe.pr.gov.br\/index.php\/setor-animal\/\"},{\"@type\":\"ListItem\",\"position\":3,\"name\":\"Castra\u00e7\u00e3o\"}]},{\"@type\":\"WebSite\",\"@id\":\"https:\/\/mambiente.cambe.pr.gov.br\/#website\",\"url\":\"https:\/\/mambiente.cambe.pr.gov.br\/\",\"name\":\"Secretaria de Agricultura e Meio Ambiente\",\"description\":\"\",\"publisher\":{\"@id\":\"https:\/\/mambiente.cambe.pr.gov.br\/#organization\"},\"potentialAction\":[{\"@type\":\"SearchAction\",\"target\":{\"@type\":\"EntryPoint\",\"urlTemplate\":\"https:\/\/mambiente.cambe.pr.gov.br\/?s={search_term_string}\"},\"query-input\":{\"@type\":\"PropertyValueSpecification\",\"valueRequired\":true,\"valueName\":\"search_term_string\"}}],\"inLanguage\":\"pt-BR\"},{\"@type\":\"Organization\",\"@id\":\"https:\/\/mambiente.cambe.pr.gov.br\/#organization\",\"name\":\"Secretaria de Agricultura e Meio Ambiente\",\"url\":\"https:\/\/mambiente.cambe.pr.gov.br\/\",\"logo\":{\"@type\":\"ImageObject\",\"inLanguage\":\"pt-BR\",\"@id\":\"https:\/\/mambiente.cambe.pr.gov.br\/#\/schema\/logo\/image\/\",\"url\":\"https:\/\/mambiente.cambe.pr.gov.br\/wp-content\/uploads\/2024\/01\/brasao_cambe.png\",\"contentUrl\":\"https:\/\/mambiente.cambe.pr.gov.br\/wp-content\/uploads\/2024\/01\/brasao_cambe.png\",\"width\":600,\"height\":600,\"caption\":\"Secretaria de Agricultura e Meio Ambiente\"},\"image\":{\"@id\":\"https:\/\/mambiente.cambe.pr.gov.br\/#\/schema\/logo\/image\/\"}}]}<\/script>\n<!-- \/ Yoast SEO plugin. -->","yoast_head_json":{"title":"Castra\u00e7\u00e3o - Secretaria de Agricultura e Meio Ambiente","robots":{"index":"index","follow":"follow","max-snippet":"max-snippet:-1","max-image-preview":"max-image-preview:large","max-video-preview":"max-video-preview:-1"},"canonical":"https:\/\/mambiente.cambe.pr.gov.br\/index.php\/setor-animal\/castracao\/","og_locale":"pt_BR","og_type":"article","og_title":"Castra\u00e7\u00e3o - Secretaria de Agricultura e Meio Ambiente","og_description":"O que \u00e9 a castra\u00e7\u00e3o? A\u00a0castra\u00e7\u00e3o\u00a0de cachorros e de gatos \u00e9 um procedimento cir\u00fargico bastante simples e realizado somente por veterin\u00e1rios. Os m\u00e9todos cir\u00fargicos utilizados para este procedimento s\u00e3o a ovariosalpingohisterectomia\u00a0(OSH) &#8211; onde ocorre a remo\u00e7\u00e3o do \u00fatero e ov\u00e1rios das f\u00eameas e orquiectomia\u00a0&#8211; atrav\u00e9s da extra\u00e7\u00e3o de ambos os test\u00edculos dos machos. Quais os [&hellip;]","og_url":"https:\/\/mambiente.cambe.pr.gov.br\/index.php\/setor-animal\/castracao\/","og_site_name":"Secretaria de Agricultura e Meio Ambiente","article_modified_time":"2026-04-06T13:58:16+00:00","og_image":[{"width":1259,"height":1259,"url":"https:\/\/mambiente.cambe.pr.gov.br\/wp-content\/uploads\/2024\/03\/Castracao.jpg","type":"image\/jpeg"}],"twitter_card":"summary_large_image","twitter_misc":{"Est. tempo de leitura":"2 minutos"},"schema":{"@context":"https:\/\/schema.org","@graph":[{"@type":"WebPage","@id":"https:\/\/mambiente.cambe.pr.gov.br\/index.php\/setor-animal\/castracao\/","url":"https:\/\/mambiente.cambe.pr.gov.br\/index.php\/setor-animal\/castracao\/","name":"Castra\u00e7\u00e3o - Secretaria de Agricultura e Meio Ambiente","isPartOf":{"@id":"https:\/\/mambiente.cambe.pr.gov.br\/#website"},"primaryImageOfPage":{"@id":"https:\/\/mambiente.cambe.pr.gov.br\/index.php\/setor-animal\/castracao\/#primaryimage"},"image":{"@id":"https:\/\/mambiente.cambe.pr.gov.br\/index.php\/setor-animal\/castracao\/#primaryimage"},"thumbnailUrl":"https:\/\/mambiente.cambe.pr.gov.br\/wp-content\/uploads\/2024\/03\/Castracao-300x300.jpg","datePublished":"2024-03-14T16:36:13+00:00","dateModified":"2026-04-06T13:58:16+00:00","breadcrumb":{"@id":"https:\/\/mambiente.cambe.pr.gov.br\/index.php\/setor-animal\/castracao\/#breadcrumb"},"inLanguage":"pt-BR","potentialAction":[{"@type":"ReadAction","target":["https:\/\/mambiente.cambe.pr.gov.br\/index.php\/setor-animal\/castracao\/"]}]},{"@type":"ImageObject","inLanguage":"pt-BR","@id":"https:\/\/mambiente.cambe.pr.gov.br\/index.php\/setor-animal\/castracao\/#primaryimage","url":"https:\/\/mambiente.cambe.pr.gov.br\/wp-content\/uploads\/2024\/03\/Castracao.jpg","contentUrl":"https:\/\/mambiente.cambe.pr.gov.br\/wp-content\/uploads\/2024\/03\/Castracao.jpg","width":1259,"height":1259},{"@type":"BreadcrumbList","@id":"https:\/\/mambiente.cambe.pr.gov.br\/index.php\/setor-animal\/castracao\/#breadcrumb","itemListElement":[{"@type":"ListItem","position":1,"name":"In\u00edcio","item":"https:\/\/mambiente.cambe.pr.gov.br\/"},{"@type":"ListItem","position":2,"name":"Setor Animal","item":"https:\/\/mambiente.cambe.pr.gov.br\/index.php\/setor-animal\/"},{"@type":"ListItem","position":3,"name":"Castra\u00e7\u00e3o"}]},{"@type":"WebSite","@id":"https:\/\/mambiente.cambe.pr.gov.br\/#website","url":"https:\/\/mambiente.cambe.pr.gov.br\/","name":"Secretaria de Agricultura e Meio Ambiente","description":"","publisher":{"@id":"https:\/\/mambiente.cambe.pr.gov.br\/#organization"},"potentialAction":[{"@type":"SearchAction","target":{"@type":"EntryPoint","urlTemplate":"https:\/\/mambiente.cambe.pr.gov.br\/?s={search_term_string}"},"query-input":{"@type":"PropertyValueSpecification","valueRequired":true,"valueName":"search_term_string"}}],"inLanguage":"pt-BR"},{"@type":"Organization","@id":"https:\/\/mambiente.cambe.pr.gov.br\/#organization","name":"Secretaria de Agricultura e Meio Ambiente","url":"https:\/\/mambiente.cambe.pr.gov.br\/","logo":{"@type":"ImageObject","inLanguage":"pt-BR","@id":"https:\/\/mambiente.cambe.pr.gov.br\/#\/schema\/logo\/image\/","url":"https:\/\/mambiente.cambe.pr.gov.br\/wp-content\/uploads\/2024\/01\/brasao_cambe.png","contentUrl":"https:\/\/mambiente.cambe.pr.gov.br\/wp-content\/uploads\/2024\/01\/brasao_cambe.png","width":600,"height":600,"caption":"Secretaria de Agricultura e Meio Ambiente"},"image":{"@id":"https:\/\/mambiente.cambe.pr.gov.br\/#\/schema\/logo\/image\/"}}]}},"_links":{"self":[{"href":"https:\/\/mambiente.cambe.pr.gov.br\/index.php\/wp-json\/wp\/v2\/pages\/307","targetHints":{"allow":["GET"]}}],"collection":[{"href":"https:\/\/mambiente.cambe.pr.gov.br\/index.php\/wp-json\/wp\/v2\/pages"}],"about":[{"href":"https:\/\/mambiente.cambe.pr.gov.br\/index.php\/wp-json\/wp\/v2\/types\/page"}],"author":[{"embeddable":true,"href":"https:\/\/mambiente.cambe.pr.gov.br\/index.php\/wp-json\/wp\/v2\/users\/1"}],"replies":[{"embeddable":true,"href":"https:\/\/mambiente.cambe.pr.gov.br\/index.php\/wp-json\/wp\/v2\/comments?post=307"}],"version-history":[{"count":13,"href":"https:\/\/mambiente.cambe.pr.gov.br\/index.php\/wp-json\/wp\/v2\/pages\/307\/revisions"}],"predecessor-version":[{"id":439,"href":"https:\/\/mambiente.cambe.pr.gov.br\/index.php\/wp-json\/wp\/v2\/pages\/307\/revisions\/439"}],"up":[{"embeddable":true,"href":"https:\/\/mambiente.cambe.pr.gov.br\/index.php\/wp-json\/wp\/v2\/pages\/309"}],"wp:attachment":[{"href":"https:\/\/mambiente.cambe.pr.gov.br\/index.php\/wp-json\/wp\/v2\/media?parent=307"}],"curies":[{"name":"wp","href":"https:\/\/api.w.org\/{rel}","templated":true}]}}